{"id":97,"date":"2018-10-20T14:56:33","date_gmt":"2018-10-20T14:56:33","guid":{"rendered":"https:\/\/weihnachtsbaum-bollenbeck.de\/?page_id=97"},"modified":"2024-07-03T14:21:59","modified_gmt":"2024-07-03T14:21:59","slug":"angebote","status":"publish","type":"page","link":"https:\/\/weihnachtsbaum-bollenbeck.de\/index.php\/angebote\/","title":{"rendered":"Dekob\u00e4ume"},"content":{"rendered":"\n<p>Auch in diesem Jahr k\u00f6nnen wir wieder pr\u00e4chtiger Dekob\u00e4ume bis 6 m f\u00fcr Firmen, Restaurants, Hotels, B\u00fcrogeb\u00e4ude, Kirchen, \u00f6ffentliche Geb\u00e4ude &amp; Schulen anbieten<\/p>\n\n\n\n<p><\/p>\n\n\n\n<figure class=\"wp-block-image size-large\"><img loading=\"lazy\" decoding=\"async\" width=\"768\" height=\"1024\" src=\"https:\/\/weihnachtsbaum-bollenbeck.de\/wp-content\/uploads\/2023\/06\/WhatsApp-Image-2023-06-27-at-15.16.19-1-768x1024.jpeg\" alt=\"\" class=\"wp-image-369\" srcset=\"https:\/\/weihnachtsbaum-bollenbeck.de\/wp-content\/uploads\/2023\/06\/WhatsApp-Image-2023-06-27-at-15.16.19-1-768x1024.jpeg 768w, https:\/\/weihnachtsbaum-bollenbeck.de\/wp-content\/uploads\/2023\/06\/WhatsApp-Image-2023-06-27-at-15.16.19-1-225x300.jpeg 225w, https:\/\/weihnachtsbaum-bollenbeck.de\/wp-content\/uploads\/2023\/06\/WhatsApp-Image-2023-06-27-at-15.16.19-1-1152x1536.jpeg 1152w, https:\/\/weihnachtsbaum-bollenbeck.de\/wp-content\/uploads\/2023\/06\/WhatsApp-Image-2023-06-27-at-15.16.19-1.jpeg 1500w\" sizes=\"(max-width: 767px) 89vw, (max-width: 1000px) 54vw, (max-width: 1071px) 543px, 580px\" \/><\/figure>\n\n\n\n<figure class=\"wp-block-image size-large\"><img loading=\"lazy\" decoding=\"async\" width=\"768\" height=\"1024\" src=\"https:\/\/weihnachtsbaum-bollenbeck.de\/wp-content\/uploads\/2023\/06\/WhatsApp-Image-2023-06-27-at-15.16.19-768x1024.jpeg\" alt=\"\" class=\"wp-image-370\" srcset=\"https:\/\/weihnachtsbaum-bollenbeck.de\/wp-content\/uploads\/2023\/06\/WhatsApp-Image-2023-06-27-at-15.16.19-768x1024.jpeg 768w, https:\/\/weihnachtsbaum-bollenbeck.de\/wp-content\/uploads\/2023\/06\/WhatsApp-Image-2023-06-27-at-15.16.19-225x300.jpeg 225w, https:\/\/weihnachtsbaum-bollenbeck.de\/wp-content\/uploads\/2023\/06\/WhatsApp-Image-2023-06-27-at-15.16.19-1152x1536.jpeg 1152w, https:\/\/weihnachtsbaum-bollenbeck.de\/wp-content\/uploads\/2023\/06\/WhatsApp-Image-2023-06-27-at-15.16.19.jpeg 1500w\" sizes=\"(max-width: 767px) 89vw, (max-width: 1000px) 54vw, (max-width: 1071px) 543px, 580px\" \/><\/figure>\n\n\n\n<figure class=\"wp-block-image size-large\"><img loading=\"lazy\" decoding=\"async\" width=\"768\" height=\"1024\" src=\"https:\/\/weihnachtsbaum-bollenbeck.de\/wp-content\/uploads\/2023\/06\/WhatsApp-Image-2023-06-27-at-15.16.19-3-768x1024.jpeg\" alt=\"\" class=\"wp-image-367\" srcset=\"https:\/\/weihnachtsbaum-bollenbeck.de\/wp-content\/uploads\/2023\/06\/WhatsApp-Image-2023-06-27-at-15.16.19-3-768x1024.jpeg 768w, https:\/\/weihnachtsbaum-bollenbeck.de\/wp-content\/uploads\/2023\/06\/WhatsApp-Image-2023-06-27-at-15.16.19-3-225x300.jpeg 225w, https:\/\/weihnachtsbaum-bollenbeck.de\/wp-content\/uploads\/2023\/06\/WhatsApp-Image-2023-06-27-at-15.16.19-3-1152x1536.jpeg 1152w, https:\/\/weihnachtsbaum-bollenbeck.de\/wp-content\/uploads\/2023\/06\/WhatsApp-Image-2023-06-27-at-15.16.19-3.jpeg 1500w\" sizes=\"(max-width: 767px) 89vw, (max-width: 1000px) 54vw, (max-width: 1071px) 543px, 580px\" \/><\/figure>\n\n\n\n<figure class=\"wp-block-image size-large\"><img loading=\"lazy\" decoding=\"async\" width=\"768\" height=\"1024\" src=\"https:\/\/weihnachtsbaum-bollenbeck.de\/wp-content\/uploads\/2023\/06\/WhatsApp-Image-2023-06-27-at-15.13.41-3-768x1024.jpeg\" alt=\"\" class=\"wp-image-360\" srcset=\"https:\/\/weihnachtsbaum-bollenbeck.de\/wp-content\/uploads\/2023\/06\/WhatsApp-Image-2023-06-27-at-15.13.41-3-768x1024.jpeg 768w, https:\/\/weihnachtsbaum-bollenbeck.de\/wp-content\/uploads\/2023\/06\/WhatsApp-Image-2023-06-27-at-15.13.41-3-225x300.jpeg 225w, https:\/\/weihnachtsbaum-bollenbeck.de\/wp-content\/uploads\/2023\/06\/WhatsApp-Image-2023-06-27-at-15.13.41-3-1152x1536.jpeg 1152w, https:\/\/weihnachtsbaum-bollenbeck.de\/wp-content\/uploads\/2023\/06\/WhatsApp-Image-2023-06-27-at-15.13.41-3.jpeg 1200w\" sizes=\"(max-width: 767px) 89vw, (max-width: 1000px) 54vw, (max-width: 1071px) 543px, 580px\" \/><\/figure>\n","protected":false},"excerpt":{"rendered":"<p>Auch in diesem Jahr k\u00f6nnen wir wieder pr\u00e4chtiger Dekob\u00e4ume bis 6 m f\u00fcr Firmen, Restaurants, Hotels, B\u00fcrogeb\u00e4ude, Kirchen, \u00f6ffentliche Geb\u00e4ude &amp; Schulen anbieten<\/p>\n","protected":false},"author":1,"featured_media":0,"parent":0,"menu_order":0,"comment_status":"closed","ping_status":"closed","template":"","meta":{"footnotes":""},"_links":{"self":[{"href":"https:\/\/weihnachtsbaum-bollenbeck.de\/index.php\/wp-json\/wp\/v2\/pages\/97"}],"collection":[{"href":"https:\/\/weihnachtsbaum-bollenbeck.de\/index.php\/wp-json\/wp\/v2\/pages"}],"about":[{"href":"https:\/\/weihnachtsbaum-bollenbeck.de\/index.php\/wp-json\/wp\/v2\/types\/page"}],"author":[{"embeddable":true,"href":"https:\/\/weihnachtsbaum-bollenbeck.de\/index.php\/wp-json\/wp\/v2\/users\/1"}],"replies":[{"embeddable":true,"href":"https:\/\/weihnachtsbaum-bollenbeck.de\/index.php\/wp-json\/wp\/v2\/comments?post=97"}],"version-history":[{"count":20,"href":"https:\/\/weihnachtsbaum-bollenbeck.de\/index.php\/wp-json\/wp\/v2\/pages\/97\/revisions"}],"predecessor-version":[{"id":397,"href":"https:\/\/weihnachtsbaum-bollenbeck.de\/index.php\/wp-json\/wp\/v2\/pages\/97\/revisions\/397"}],"wp:attachment":[{"href":"https:\/\/weihnachtsbaum-bollenbeck.de\/index.php\/wp-json\/wp\/v2\/media?parent=97"}],"curies":[{"name":"wp","href":"https:\/\/api.w.org\/{rel}","templated":true}]}}